{"id":11,"date":"2019-09-04T11:32:01","date_gmt":"2019-09-04T11:32:01","guid":{"rendered":"https:\/\/www.medisocial.it\/staging2\/home\/"},"modified":"2024-06-11T15:50:28","modified_gmt":"2024-06-11T13:50:28","slug":"home","status":"publish","type":"page","link":"https:\/\/www.medisocial.it\/endocrinologiaediabete\/","title":{"rendered":"Home"},"content":{"rendered":"\n<div class=\"wp-block-cover alignfull is-light is-position-center-center\"><span aria-hidden=\"true\" class=\"wp-block-cover__background has-black-background-color has-background-dim-20 has-background-dim\"><\/span><img loading=\"lazy\" decoding=\"async\" width=\"1024\" height=\"768\" class=\"wp-block-cover__image-background wp-image-1108\" alt=\"\" src=\"https:\/\/www.medisocial.it\/endocrinologiaediabete\/wp-content\/uploads\/2024\/06\/tiroide-home.jpeg\" data-object-fit=\"cover\" srcset=\"https:\/\/www.medisocial.it\/endocrinologiaediabete\/wp-content\/uploads\/2024\/06\/tiroide-home.jpeg 1024w, https:\/\/www.medisocial.it\/endocrinologiaediabete\/wp-content\/uploads\/2024\/06\/tiroide-home-300x225.jpeg 300w, https:\/\/www.medisocial.it\/endocrinologiaediabete\/wp-content\/uploads\/2024\/06\/tiroide-home-768x576.jpeg 768w, https:\/\/www.medisocial.it\/endocrinologiaediabete\/wp-content\/uploads\/2024\/06\/tiroide-home-640x480.jpeg 640w, https:\/\/www.medisocial.it\/endocrinologiaediabete\/wp-content\/uploads\/2024\/06\/tiroide-home-480x360.jpeg 480w\" sizes=\"(max-width: 1024px) 100vw, 1024px\" \/><div class=\"wp-block-cover__inner-container is-layout-flow wp-block-cover-is-layout-flow\">\n<p class=\"has-text-align-center\" style=\"font-size:50px\"><strong>L&#8217;equilibrio \u00e8 salute<\/strong><\/p>\n\n\n\n<p class=\"has-text-align-center has-text-color\" style=\"color:#ffffff\"> <strong>Approfondimenti consigli e informazioni sull&#8217;endocrinologia e la diabetologia<\/strong><br> <br><\/p>\n\n\n\n<div style=\"height:150px\" aria-hidden=\"true\" class=\"wp-block-spacer\"><\/div>\n\n\n\n<div class=\"wp-block-button is-style-default\"><a class=\"wp-block-button__link has-text-color has-background wp-element-button\" href=\"contatti\" style=\"border-radius:50px;color:#2a2b2b;background-color:#fbf0ee\">Richiedi un appuntamento<\/a><\/div>\n\n\n\n<p><br><br><\/p>\n<\/div><\/div>\n\n\n\n<div style=\"height:60px\" aria-hidden=\"true\" class=\"wp-block-spacer\"><\/div>\n\n\n\n<h2 class=\"wp-block-heading has-text-align-center\">Dott.ssa Claudia Brufani Specialista in Endocrinologia e Diabetologia<\/h2>\n\n\n\n<div class=\"wp-block-media-text alignwide is-stacked-on-mobile\" style=\"grid-template-columns:40% auto\"><figure class=\"wp-block-media-text__media\"><img loading=\"lazy\" decoding=\"async\" width=\"512\" height=\"495\" src=\"https:\/\/www.medisocial.it\/staging2\/wp-content\/uploads\/2020\/08\/claudiabrufani.jpg\" alt=\"La Dott.ssa Claudia Brufani si \u00e8 laureata in Medicina e Chirurgia nel 1998 presso l\u2019Universit\u00e0 degli Studi \u201cLa Sapienza\u201d di Roma e ha conseguito la Specializzazione in Endocrinologia e Malattie del Ricambio presso lo stesso Ateneo. Ha effettuato formazione ultra-specialistica presso l\u2019Universit\u00e0 di Oxford (\u201cThe Oxford Centre for Diabetes, Endocrinology and Metabolism\u201d), svolgendo attivit\u00e0 clinica e di ricerca nell\u2019ambito delle patologie ipotalamo-ipofisarie.\" class=\"wp-image-586 size-full\" srcset=\"https:\/\/www.medisocial.it\/endocrinologiaediabete\/wp-content\/uploads\/2020\/08\/claudiabrufani.jpg 512w, https:\/\/www.medisocial.it\/endocrinologiaediabete\/wp-content\/uploads\/2020\/08\/claudiabrufani-300x290.jpg 300w\" sizes=\"(max-width: 512px) 100vw, 512px\" \/><\/figure><div class=\"wp-block-media-text__content\">\n<p>La Dott.ssa Claudia Brufani si \u00e8 laureata in Medicina e Chirurgia nel 1998 presso l\u2019Universit\u00e0 degli Studi \u201cLa Sapienza\u201d di Roma e ha conseguito la Specializzazione in Endocrinologia e Malattie del Ricambio presso lo stesso Ateneo. Ha effettuato formazione ultra-specialistica presso l\u2019Universit\u00e0 di Oxford (\u201cThe Oxford Centre for Diabetes, Endocrinology and Metabolism\u201d), svolgendo attivit\u00e0 clinica e di ricerca nell\u2019ambito delle patologie ipotalamo-ipofisarie.<br>La Dott.ssa Claudia Brufani ha lavorato numerosi anni presso l\u2019Ospedale Pediatrico Bambino Ges\u00f9 di Roma, acquisendo esperienza nell\u2019ambito dell\u2019endocrinologia pediatrica e dell\u2019obesit\u00e0 in et\u00e0 pediatrico-adolescenziale; a seguire ha lavorato presso l\u2019Ospedale Maggiore di Bologna perfezionando la sua attivit\u00e0 clinica nell\u2019ambito del diabete gestazionale e delle endocrinopatie in gravidanza.<br>La Dott.sa Claudia Brufani ha lavorato per anni come dirigente medico ospedaliero presso la ASL di Viterbo,<br>Attualmente lavora in qualit\u00e0 di dirigente medico presso l&#8217;Ospedale San Filippo Neri-ASL Roma 1 come Specialista in Endocrinologia e Diabetologia, di specialista in libera professione presso gli studi privati di Roma, Acquapendente e Pomezia, focalizzando la sua attivit\u00e0 sulla cura del sovrappeso e dell\u2019obesit\u00e0 con disordini endocrino-metabolici, diabete in et\u00e0 adulta e senile, malattie della tiroide, diabete in gravidanza, endocrinopatie in gravidanza, endocrinopatie in et\u00e0 pediatrica e adolescenziale, sindrome dell\u2019ovaio policistico e patologie del surrene, forte di un ampia esperienza nell\u2019ambito della Medicina Interna.<\/p>\n<\/div><\/div>\n\n\n\n<hr class=\"wp-block-separator has-css-opacity is-style-wide\"\/>\n\n\n\n<h2 class=\"wp-block-heading has-text-align-center\">Analoghi del GLP-1 e dintorni. La rivoluzione<\/h2>\n\n\n<ul class=\"wp-block-latest-posts__list is-grid columns-3 wp-block-latest-posts\"><li><div class=\"wp-block-latest-posts__featured-image aligncenter\"><a href=\"https:\/\/www.medisocial.it\/endocrinologiaediabete\/2026\/01\/14\/farmaci-per-l-obesita-quando-i-dati-scientifici-vengono-fraintesi\/\" aria-label=\"Farmaci per l\u2019obesit\u00e0 : quando i dati scientifici vengono fraintesi\"><img loading=\"lazy\" decoding=\"async\" width=\"1024\" height=\"683\" src=\"https:\/\/www.medisocial.it\/endocrinologiaediabete\/wp-content\/uploads\/2026\/01\/Farmaci-per-lobesita-ChatGPT-Image-14-gen-2026-10_24_50.jpg\" class=\"attachment-large size-large wp-post-image\" alt=\"Farmaci per l\u2019obesita\u0300-ChatGPT-Image-14-gen-2026,-10_24_50\" style=\"\" srcset=\"https:\/\/www.medisocial.it\/endocrinologiaediabete\/wp-content\/uploads\/2026\/01\/Farmaci-per-lobesita-ChatGPT-Image-14-gen-2026-10_24_50.jpg 1024w, https:\/\/www.medisocial.it\/endocrinologiaediabete\/wp-content\/uploads\/2026\/01\/Farmaci-per-lobesita-ChatGPT-Image-14-gen-2026-10_24_50-300x200.jpg 300w, https:\/\/www.medisocial.it\/endocrinologiaediabete\/wp-content\/uploads\/2026\/01\/Farmaci-per-lobesita-ChatGPT-Image-14-gen-2026-10_24_50-768x512.jpg 768w\" sizes=\"(max-width: 1024px) 100vw, 1024px\" \/><\/a><\/div><a class=\"wp-block-latest-posts__post-title\" href=\"https:\/\/www.medisocial.it\/endocrinologiaediabete\/2026\/01\/14\/farmaci-per-l-obesita-quando-i-dati-scientifici-vengono-fraintesi\/\">Farmaci per l\u2019obesit\u00e0 : quando i dati scientifici vengono fraintesi<\/a><div class=\"wp-block-latest-posts__post-excerpt\">Farmaci per l\u2019obesit\u00e0 : quando i dati scientifici vengono fraintesi.\u2026 <a href=\"https:\/\/www.medisocial.it\/endocrinologiaediabete\/2026\/01\/14\/farmaci-per-l-obesita-quando-i-dati-scientifici-vengono-fraintesi\/\" rel=\"noopener noreferrer\">Leggi tutto<span class=\"screen-reader-text\">: Farmaci per l\u2019obesit\u00e0 : quando i dati scientifici vengono fraintesi<\/span><\/a><\/div><\/li>\n<li><div class=\"wp-block-latest-posts__featured-image aligncenter\"><a href=\"https:\/\/www.medisocial.it\/endocrinologiaediabete\/2025\/12\/17\/semaglutide-in-un-contesto-ambulatoriale-reale\/\" aria-label=\"Semaglutide in un contesto ambulatoriale reale: modelli di interruzione e mantenimento del peso\"><img loading=\"lazy\" decoding=\"async\" width=\"595\" height=\"782\" src=\"https:\/\/www.medisocial.it\/endocrinologiaediabete\/wp-content\/uploads\/2025\/12\/sema-paper_1.jpg\" class=\"attachment-large size-large wp-post-image\" alt=\"semaglutide\" style=\"\" srcset=\"https:\/\/www.medisocial.it\/endocrinologiaediabete\/wp-content\/uploads\/2025\/12\/sema-paper_1.jpg 595w, https:\/\/www.medisocial.it\/endocrinologiaediabete\/wp-content\/uploads\/2025\/12\/sema-paper_1-228x300.jpg 228w\" sizes=\"(max-width: 595px) 100vw, 595px\" \/><\/a><\/div><a class=\"wp-block-latest-posts__post-title\" href=\"https:\/\/www.medisocial.it\/endocrinologiaediabete\/2025\/12\/17\/semaglutide-in-un-contesto-ambulatoriale-reale\/\">Semaglutide in un contesto ambulatoriale reale: modelli di interruzione e mantenimento del peso<\/a><div class=\"wp-block-latest-posts__post-excerpt\">Semaglutide in un contesto ambulatoriale reale: modelli di interruzione e\u2026 <a href=\"https:\/\/www.medisocial.it\/endocrinologiaediabete\/2025\/12\/17\/semaglutide-in-un-contesto-ambulatoriale-reale\/\" rel=\"noopener noreferrer\">Leggi tutto<span class=\"screen-reader-text\">: Semaglutide in un contesto ambulatoriale reale: modelli di interruzione e mantenimento del peso<\/span><\/a><\/div><\/li>\n<li><div class=\"wp-block-latest-posts__featured-image aligncenter\"><a href=\"https:\/\/www.medisocial.it\/endocrinologiaediabete\/2025\/11\/26\/farmaci-per-diabete-e-obesita-e-rischio-visivo\/\" aria-label=\"Farmaci per diabete e obesit\u00e0 e rischio visivo: cosa sappiamo davvero\"><img loading=\"lazy\" decoding=\"async\" width=\"1024\" height=\"1024\" src=\"https:\/\/www.medisocial.it\/endocrinologiaediabete\/wp-content\/uploads\/2025\/11\/Farmaci-per-diabete-e-obesita.jpg\" class=\"attachment-large size-large wp-post-image\" alt=\"Farmaci-per-diabete-e-obesita\u0300\" style=\"\" srcset=\"https:\/\/www.medisocial.it\/endocrinologiaediabete\/wp-content\/uploads\/2025\/11\/Farmaci-per-diabete-e-obesita.jpg 1024w, https:\/\/www.medisocial.it\/endocrinologiaediabete\/wp-content\/uploads\/2025\/11\/Farmaci-per-diabete-e-obesita-300x300.jpg 300w, https:\/\/www.medisocial.it\/endocrinologiaediabete\/wp-content\/uploads\/2025\/11\/Farmaci-per-diabete-e-obesita-150x150.jpg 150w, https:\/\/www.medisocial.it\/endocrinologiaediabete\/wp-content\/uploads\/2025\/11\/Farmaci-per-diabete-e-obesita-768x768.jpg 768w\" sizes=\"(max-width: 1024px) 100vw, 1024px\" \/><\/a><\/div><a class=\"wp-block-latest-posts__post-title\" href=\"https:\/\/www.medisocial.it\/endocrinologiaediabete\/2025\/11\/26\/farmaci-per-diabete-e-obesita-e-rischio-visivo\/\">Farmaci per diabete e obesit\u00e0 e rischio visivo: cosa sappiamo davvero<\/a><div class=\"wp-block-latest-posts__post-excerpt\">Farmaci per diabete e obesit\u00e0 e rischio visivo: cosa sappiamo\u2026 <a href=\"https:\/\/www.medisocial.it\/endocrinologiaediabete\/2025\/11\/26\/farmaci-per-diabete-e-obesita-e-rischio-visivo\/\" rel=\"noopener noreferrer\">Leggi tutto<span class=\"screen-reader-text\">: Farmaci per diabete e obesit\u00e0 e rischio visivo: cosa sappiamo davvero<\/span><\/a><\/div><\/li>\n<li><div class=\"wp-block-latest-posts__featured-image aligncenter\"><a href=\"https:\/\/www.medisocial.it\/endocrinologiaediabete\/2025\/10\/20\/ponderostato-il-termostato-del-peso-corporeo-e-il-suo-ruolo-nellobesita\/\" aria-label=\"Ponderostato: il termostato del peso corporeo e il suo ruolo nell\u2019obesit\u00e0\"><img loading=\"lazy\" decoding=\"async\" width=\"1024\" height=\"683\" src=\"https:\/\/www.medisocial.it\/endocrinologiaediabete\/wp-content\/uploads\/2025\/10\/Ponderostato-chiara-1024x683.png\" class=\"attachment-large size-large wp-post-image\" alt=\"Ponderostato\" style=\"\" srcset=\"https:\/\/www.medisocial.it\/endocrinologiaediabete\/wp-content\/uploads\/2025\/10\/Ponderostato-chiara-1024x683.png 1024w, https:\/\/www.medisocial.it\/endocrinologiaediabete\/wp-content\/uploads\/2025\/10\/Ponderostato-chiara-300x200.png 300w, https:\/\/www.medisocial.it\/endocrinologiaediabete\/wp-content\/uploads\/2025\/10\/Ponderostato-chiara-768x512.png 768w, https:\/\/www.medisocial.it\/endocrinologiaediabete\/wp-content\/uploads\/2025\/10\/Ponderostato-chiara.png 1536w\" sizes=\"(max-width: 1024px) 100vw, 1024px\" \/><\/a><\/div><a class=\"wp-block-latest-posts__post-title\" href=\"https:\/\/www.medisocial.it\/endocrinologiaediabete\/2025\/10\/20\/ponderostato-il-termostato-del-peso-corporeo-e-il-suo-ruolo-nellobesita\/\">Ponderostato: il termostato del peso corporeo e il suo ruolo nell\u2019obesit\u00e0<\/a><div class=\"wp-block-latest-posts__post-excerpt\">Ponderostato: il termostato del peso corporeo e il suo ruolo\u2026 <a href=\"https:\/\/www.medisocial.it\/endocrinologiaediabete\/2025\/10\/20\/ponderostato-il-termostato-del-peso-corporeo-e-il-suo-ruolo-nellobesita\/\" rel=\"noopener noreferrer\">Leggi tutto<span class=\"screen-reader-text\">: Ponderostato: il termostato del peso corporeo e il suo ruolo nell\u2019obesit\u00e0<\/span><\/a><\/div><\/li>\n<li><div class=\"wp-block-latest-posts__featured-image aligncenter\"><a href=\"https:\/\/www.medisocial.it\/endocrinologiaediabete\/2025\/02\/07\/passaggio-da-semaglutide-iniettiva-a-semaglutide-in-compresse\/\" aria-label=\"Passaggio da Semaglutide iniettiva a Semaglutide in compresse\"><img loading=\"lazy\" decoding=\"async\" width=\"538\" height=\"315\" src=\"https:\/\/www.medisocial.it\/endocrinologiaediabete\/wp-content\/uploads\/2025\/02\/semaglutitde.jpg\" class=\"attachment-large size-large wp-post-image\" alt=\"semaglutitde\" style=\"\" srcset=\"https:\/\/www.medisocial.it\/endocrinologiaediabete\/wp-content\/uploads\/2025\/02\/semaglutitde.jpg 538w, https:\/\/www.medisocial.it\/endocrinologiaediabete\/wp-content\/uploads\/2025\/02\/semaglutitde-300x176.jpg 300w\" sizes=\"(max-width: 538px) 100vw, 538px\" \/><\/a><\/div><a class=\"wp-block-latest-posts__post-title\" href=\"https:\/\/www.medisocial.it\/endocrinologiaediabete\/2025\/02\/07\/passaggio-da-semaglutide-iniettiva-a-semaglutide-in-compresse\/\">Passaggio da Semaglutide iniettiva a Semaglutide in compresse<\/a><div class=\"wp-block-latest-posts__post-excerpt\">Passaggio da Semaglutide iniettiva a Semaglutide in compresse. Il popolare\u2026 <a href=\"https:\/\/www.medisocial.it\/endocrinologiaediabete\/2025\/02\/07\/passaggio-da-semaglutide-iniettiva-a-semaglutide-in-compresse\/\" rel=\"noopener noreferrer\">Leggi tutto<span class=\"screen-reader-text\">: Passaggio da Semaglutide iniettiva a Semaglutide in compresse<\/span><\/a><\/div><\/li>\n<li><div class=\"wp-block-latest-posts__featured-image aligncenter\"><a href=\"https:\/\/www.medisocial.it\/endocrinologiaediabete\/2024\/09\/03\/analoghi-del-glp-1-e-chirurgia\/\" aria-label=\"Analoghi del GLP-1 e chirurgia\"><img loading=\"lazy\" decoding=\"async\" width=\"1024\" height=\"683\" src=\"https:\/\/www.medisocial.it\/endocrinologiaediabete\/wp-content\/uploads\/2024\/09\/Analoghi-del-GLP-1-1024x683.jpg\" class=\"attachment-large size-large wp-post-image\" alt=\"\" style=\"\" srcset=\"https:\/\/www.medisocial.it\/endocrinologiaediabete\/wp-content\/uploads\/2024\/09\/Analoghi-del-GLP-1-1024x683.jpg 1024w, https:\/\/www.medisocial.it\/endocrinologiaediabete\/wp-content\/uploads\/2024\/09\/Analoghi-del-GLP-1-300x200.jpg 300w, https:\/\/www.medisocial.it\/endocrinologiaediabete\/wp-content\/uploads\/2024\/09\/Analoghi-del-GLP-1-768x512.jpg 768w, https:\/\/www.medisocial.it\/endocrinologiaediabete\/wp-content\/uploads\/2024\/09\/Analoghi-del-GLP-1-1536x1024.jpg 1536w, https:\/\/www.medisocial.it\/endocrinologiaediabete\/wp-content\/uploads\/2024\/09\/Analoghi-del-GLP-1-2048x1365.jpg 2048w\" sizes=\"(max-width: 1024px) 100vw, 1024px\" \/><\/a><\/div><a class=\"wp-block-latest-posts__post-title\" href=\"https:\/\/www.medisocial.it\/endocrinologiaediabete\/2024\/09\/03\/analoghi-del-glp-1-e-chirurgia\/\">Analoghi del GLP-1 e chirurgia<\/a><div class=\"wp-block-latest-posts__post-excerpt\">Analoghi del GLP-1 e chirurgia. E&#8217; questo un argomento emergente\u2026 <a href=\"https:\/\/www.medisocial.it\/endocrinologiaediabete\/2024\/09\/03\/analoghi-del-glp-1-e-chirurgia\/\" rel=\"noopener noreferrer\">Leggi tutto<span class=\"screen-reader-text\">: Analoghi del GLP-1 e chirurgia<\/span><\/a><\/div><\/li>\n<\/ul>\n\n\n<hr class=\"wp-block-separator has-css-opacity is-style-wide\"\/>\n\n\n\n<h2 class=\"wp-block-heading has-text-align-center\">Ultimi articoli pubblicati<\/h2>\n\n\n<ul class=\"wp-block-latest-posts__list is-grid columns-3 wp-block-latest-posts\"><li><div class=\"wp-block-latest-posts__featured-image aligncenter\"><a href=\"https:\/\/www.medisocial.it\/endocrinologiaediabete\/2026\/04\/20\/come-nascono-i-nomi-dei-farmaci\/\" aria-label=\"Come nascono i nomi dei farmaci?\"><img loading=\"lazy\" decoding=\"async\" width=\"254\" height=\"300\" src=\"https:\/\/www.medisocial.it\/endocrinologiaediabete\/wp-content\/uploads\/2026\/04\/Prof.-Mario-Brufani-254x300.jpg\" class=\"attachment-medium size-medium wp-post-image\" alt=\"Prof.-Mario-Brufani\" style=\"\" srcset=\"https:\/\/www.medisocial.it\/endocrinologiaediabete\/wp-content\/uploads\/2026\/04\/Prof.-Mario-Brufani-254x300.jpg 254w, https:\/\/www.medisocial.it\/endocrinologiaediabete\/wp-content\/uploads\/2026\/04\/Prof.-Mario-Brufani-868x1024.jpg 868w, https:\/\/www.medisocial.it\/endocrinologiaediabete\/wp-content\/uploads\/2026\/04\/Prof.-Mario-Brufani-768x906.jpg 768w, https:\/\/www.medisocial.it\/endocrinologiaediabete\/wp-content\/uploads\/2026\/04\/Prof.-Mario-Brufani.jpg 921w\" sizes=\"(max-width: 254px) 100vw, 254px\" \/><\/a><\/div><a class=\"wp-block-latest-posts__post-title\" href=\"https:\/\/www.medisocial.it\/endocrinologiaediabete\/2026\/04\/20\/come-nascono-i-nomi-dei-farmaci\/\">Come nascono i nomi dei farmaci?<\/a><div class=\"wp-block-latest-posts__post-excerpt\">Come nascono i nomi dei farmaci? Un ricordo personale tra\u2026 <a href=\"https:\/\/www.medisocial.it\/endocrinologiaediabete\/2026\/04\/20\/come-nascono-i-nomi-dei-farmaci\/\" rel=\"noopener noreferrer\">Leggi tutto<span class=\"screen-reader-text\">: Come nascono i nomi dei farmaci?<\/span><\/a><\/div><\/li>\n<li><div class=\"wp-block-latest-posts__featured-image aligncenter\"><a href=\"https:\/\/www.medisocial.it\/endocrinologiaediabete\/2026\/02\/18\/obesita-e-cambiamento-climatico\/\" aria-label=\"Obesit\u00e0 e cambiamento climatico: due crisi globali con radici comuni\"><img loading=\"lazy\" decoding=\"async\" width=\"200\" height=\"300\" src=\"https:\/\/www.medisocial.it\/endocrinologiaediabete\/wp-content\/uploads\/2026\/02\/Obesita-e-cambiamento-climatico_2-Dott.ssa-Claudia-Brufani-endocrinologa-e-diabetologa-a-Roma-200x300.jpg\" class=\"attachment-medium size-medium wp-post-image\" alt=\"Obesita\u0300-e-cambiamento-climatico_2-Dott.ssa-Claudia-Brufani-endocrinologa-e-diabetologa-a-Roma\" style=\"\" srcset=\"https:\/\/www.medisocial.it\/endocrinologiaediabete\/wp-content\/uploads\/2026\/02\/Obesita-e-cambiamento-climatico_2-Dott.ssa-Claudia-Brufani-endocrinologa-e-diabetologa-a-Roma-200x300.jpg 200w, https:\/\/www.medisocial.it\/endocrinologiaediabete\/wp-content\/uploads\/2026\/02\/Obesita-e-cambiamento-climatico_2-Dott.ssa-Claudia-Brufani-endocrinologa-e-diabetologa-a-Roma-683x1024.jpg 683w, https:\/\/www.medisocial.it\/endocrinologiaediabete\/wp-content\/uploads\/2026\/02\/Obesita-e-cambiamento-climatico_2-Dott.ssa-Claudia-Brufani-endocrinologa-e-diabetologa-a-Roma-768x1152.jpg 768w, https:\/\/www.medisocial.it\/endocrinologiaediabete\/wp-content\/uploads\/2026\/02\/Obesita-e-cambiamento-climatico_2-Dott.ssa-Claudia-Brufani-endocrinologa-e-diabetologa-a-Roma.jpg 800w\" sizes=\"(max-width: 200px) 100vw, 200px\" \/><\/a><\/div><a class=\"wp-block-latest-posts__post-title\" href=\"https:\/\/www.medisocial.it\/endocrinologiaediabete\/2026\/02\/18\/obesita-e-cambiamento-climatico\/\">Obesit\u00e0 e cambiamento climatico: due crisi globali con radici comuni<\/a><div class=\"wp-block-latest-posts__post-excerpt\">Obesit\u00e0 e cambiamento climatico: due crisi globali con radici comuni.\u2026 <a href=\"https:\/\/www.medisocial.it\/endocrinologiaediabete\/2026\/02\/18\/obesita-e-cambiamento-climatico\/\" rel=\"noopener noreferrer\">Leggi tutto<span class=\"screen-reader-text\">: Obesit\u00e0 e cambiamento climatico: due crisi globali con radici comuni<\/span><\/a><\/div><\/li>\n<li><div class=\"wp-block-latest-posts__featured-image aligncenter\"><a href=\"https:\/\/www.medisocial.it\/endocrinologiaediabete\/2026\/02\/16\/olimpiadi-bevande-zuccherate-e-salute\/\" aria-label=\"Olimpiadi, bevande zuccherate e salute: quale messaggio arriva ai pi\u00f9 giovani?\"><img loading=\"lazy\" decoding=\"async\" width=\"200\" height=\"300\" src=\"https:\/\/www.medisocial.it\/endocrinologiaediabete\/wp-content\/uploads\/2026\/02\/Olimpiadi-e-bevande-zuccherate-Dott.ssa-Claudia-Brufani-endocrinologa-e-diabetologa-a-Roma-1-200x300.jpg\" class=\"attachment-medium size-medium wp-post-image\" alt=\"\" style=\"\" srcset=\"https:\/\/www.medisocial.it\/endocrinologiaediabete\/wp-content\/uploads\/2026\/02\/Olimpiadi-e-bevande-zuccherate-Dott.ssa-Claudia-Brufani-endocrinologa-e-diabetologa-a-Roma-1-200x300.jpg 200w, https:\/\/www.medisocial.it\/endocrinologiaediabete\/wp-content\/uploads\/2026\/02\/Olimpiadi-e-bevande-zuccherate-Dott.ssa-Claudia-Brufani-endocrinologa-e-diabetologa-a-Roma-1-683x1024.jpg 683w, https:\/\/www.medisocial.it\/endocrinologiaediabete\/wp-content\/uploads\/2026\/02\/Olimpiadi-e-bevande-zuccherate-Dott.ssa-Claudia-Brufani-endocrinologa-e-diabetologa-a-Roma-1-768x1152.jpg 768w, https:\/\/www.medisocial.it\/endocrinologiaediabete\/wp-content\/uploads\/2026\/02\/Olimpiadi-e-bevande-zuccherate-Dott.ssa-Claudia-Brufani-endocrinologa-e-diabetologa-a-Roma-1.jpg 1024w\" sizes=\"(max-width: 200px) 100vw, 200px\" \/><\/a><\/div><a class=\"wp-block-latest-posts__post-title\" href=\"https:\/\/www.medisocial.it\/endocrinologiaediabete\/2026\/02\/16\/olimpiadi-bevande-zuccherate-e-salute\/\">Olimpiadi, bevande zuccherate e salute: quale messaggio arriva ai pi\u00f9 giovani?<\/a><div class=\"wp-block-latest-posts__post-excerpt\">Olimpiadi, bevande zuccherate e salute: quale messaggio arriva ai pi\u00f9\u2026 <a href=\"https:\/\/www.medisocial.it\/endocrinologiaediabete\/2026\/02\/16\/olimpiadi-bevande-zuccherate-e-salute\/\" rel=\"noopener noreferrer\">Leggi tutto<span class=\"screen-reader-text\">: Olimpiadi, bevande zuccherate e salute: quale messaggio arriva ai pi\u00f9 giovani?<\/span><\/a><\/div><\/li>\n<\/ul>\n\n\n<hr class=\"wp-block-separator has-css-opacity is-style-wide\"\/>\n\n\n\n<h2 class=\"wp-block-heading has-text-align-center\">Recensioni<\/h2>\n\n\n<ul class=\"wp-block-latest-posts__list is-grid columns-2 wp-block-latest-posts\"><li><a class=\"wp-block-latest-posts__post-title\" href=\"https:\/\/www.medisocial.it\/endocrinologiaediabete\/2023\/09\/18\/gianna-del-moro\/\">Gianna Del Moro<\/a><div class=\"wp-block-latest-posts__post-excerpt\">La migliore dottoressa che ho avuto la fortuna di incontrare, grazie a lei ho\u2026 <a href=\"https:\/\/www.medisocial.it\/endocrinologiaediabete\/2023\/09\/18\/gianna-del-moro\/\" rel=\"noopener noreferrer\">Leggi tutto<span class=\"screen-reader-text\">: Gianna Del Moro<\/span><\/a><\/div><\/li>\n<li><a class=\"wp-block-latest-posts__post-title\" href=\"https:\/\/www.medisocial.it\/endocrinologiaediabete\/2023\/09\/18\/rodolfo-mancini\/\">Rodolfo Mancini<\/a><div class=\"wp-block-latest-posts__post-excerpt\">Sono un paziente della dott.ssa Claudia Brufani , persona di gentilezza e professionalit\u00e0 esemplari,\u2026 <a href=\"https:\/\/www.medisocial.it\/endocrinologiaediabete\/2023\/09\/18\/rodolfo-mancini\/\" rel=\"noopener noreferrer\">Leggi tutto<span class=\"screen-reader-text\">: Rodolfo Mancini<\/span><\/a><\/div><\/li>\n<li><a class=\"wp-block-latest-posts__post-title\" href=\"https:\/\/www.medisocial.it\/endocrinologiaediabete\/2023\/01\/05\/dott-ssa-anna-paola-cavalieri\/\">Dott.ssa Anna Paola Cavalieri<\/a><div class=\"wp-block-latest-posts__post-excerpt\">Collaboriamo insieme da tanti anni perch\u00e9 condividiamo la passione per il nostro lavoro che\u2026 <a href=\"https:\/\/www.medisocial.it\/endocrinologiaediabete\/2023\/01\/05\/dott-ssa-anna-paola-cavalieri\/\" rel=\"noopener noreferrer\">Leggi tutto<span class=\"screen-reader-text\">: Dott.ssa Anna Paola Cavalieri<\/span><\/a><\/div><\/li>\n<li><a class=\"wp-block-latest-posts__post-title\" href=\"https:\/\/www.medisocial.it\/endocrinologiaediabete\/2023\/01\/05\/caterina\/\">Caterina<\/a><div class=\"wp-block-latest-posts__post-excerpt\">Una dottoressa professionale e capace! Sono anni che mi segue e non posso far\u2026 <a href=\"https:\/\/www.medisocial.it\/endocrinologiaediabete\/2023\/01\/05\/caterina\/\" rel=\"noopener noreferrer\">Leggi tutto<span class=\"screen-reader-text\">: Caterina<\/span><\/a><\/div><\/li>\n<\/ul>\n\n\n<div class=\"wp-block-cover alignfull has-parallax is-light\"><span aria-hidden=\"true\" class=\"wp-block-cover__background has-background-dim-90 has-background-dim\" style=\"background-color:#b7a8a1\"><\/span><div class=\"wp-block-cover__image-background wp-image-618 has-parallax\" style=\"background-position:50% 50%;background-image:url(https:\/\/www.medisocial.it\/staging2\/wp-content\/uploads\/2020\/08\/hand-holding-wooden-chart-with-stethoscope-necklet.jpg)\"><\/div><div class=\"wp-block-cover__inner-container is-layout-flow wp-block-cover-is-layout-flow\">\n<p class=\"has-text-align-center has-medium-font-size\">La Dott.ssa Brufani riceve per appuntamento i seguenti giorni<\/p>\n\n\n\n<figure class=\"wp-block-table is-style-stripes\"><table class=\"has-subtle-pale-pink-background-color has-background\" style=\"color:#000000\"><tbody><tr><td>luned\u00ec<\/td><td>10-13<\/td><\/tr><tr><td>marted\u00ec<\/td><td>10-13<\/td><\/tr><tr><td>mercoled\u00ec<\/td><td>10-13<\/td><\/tr><tr><td>gioved\u00ec<\/td><td>10-13<\/td><\/tr><tr><td>venerd\u00ec<\/td><td>10-13<\/td><\/tr><\/tbody><\/table><\/figure>\n\n\n\n<p><\/p>\n\n\n\n<div class=\"wp-block-button\"><a class=\"wp-block-button__link has-background wp-element-button\" href=\"https:\/\/www.medisocial.it\/endocrinologiaediabete\/contatti\/\" style=\"background-color:#222222\">Prenota una visita<\/a><\/div>\n<\/div><\/div>\n","protected":false},"excerpt":{"rendered":"<p>Dott.ssa Claudia Brufani Specialista in Endocrinologia e Diabetologia La Dott.ssa Claudia Brufani si \u00e8 laureata in Medicina e Chirurgia nel 1998 presso l\u2019Universit\u00e0 degli Studi \u201cLa Sapienza\u201d di Roma e ha conseguito la Specializzazione in Endocrinologia e Malattie del Ricambio presso lo stesso Ateneo. Ha effettuato formazione ultra-specialistica presso l\u2019Universit\u00e0 di Oxford (\u201cThe Oxford Centre [&hellip;]<\/p>\n","protected":false},"author":1,"featured_media":0,"parent":0,"menu_order":0,"comment_status":"closed","ping_status":"closed","template":"","meta":{"_citadela_hide_page_title":"1","_citadela_remove_header_space":"1","_citadela_custom_class":"","_citadela_half_map_provider":"","_citadela_half_map_theme":"","_citadela_half_map_themeOSM":"","_citadela_half_map_customTheme":"","_citadela_half_map_dataType":"","_citadela_half_map_dynamicTrack":false,"_citadela_half_map_trackColor":"","_citadela_half_map_trackEndpointsColor":"","_citadela_half_map_filterCategory":"","_citadela_half_map_filterLocation":"","_citadela_half_map_filterFeatured":false,"_citadela_half_map_noDataBehavior":"empty-map","_citadela_half_map_noDataText":"","_citadela_half_map_clusterGridSize":80,"_citadela_header":false,"_citadela_header_over_content":false,"_citadela_header_text_color":"","_citadela_header_logo":[],"_citadela_header_bg_image":[],"_citadela_header_bg_position":{"x":0.5,"y":0.5},"_citadela_header_bg_size":"cover","_citadela_header_bg_repeat":"no-repeat","_citadela_header_bg_fixed":false,"_citadela_header_bg_color":"","_citadela_header_bg_image_overlay":"","_citadela_header_transparent_bg":false,"_citadela_content_width":"full","_citadela_half_layout_position":"","footnotes":""},"yoast_head":"<!-- This site is optimized with the Yoast SEO plugin v22.8 - https:\/\/yoast.com\/wordpress\/plugins\/seo\/ -->\n<title>Home - Dott.ssa Claudia Brufani<\/title>\n<meta name=\"robots\" content=\"index, follow, max-snippet:-1, max-image-preview:large, max-video-preview:-1\" \/>\n<link rel=\"canonical\" href=\"https:\/\/www.medisocial.it\/endocrinologiaediabete\/\" \/>\n<meta property=\"og:locale\" content=\"it_IT\" \/>\n<meta property=\"og:type\" content=\"article\" \/>\n<meta property=\"og:title\" content=\"Home - Dott.ssa Claudia Brufani\" \/>\n<meta property=\"og:description\" content=\"Dott.ssa Claudia Brufani Specialista in Endocrinologia e Diabetologia La Dott.ssa Claudia Brufani si \u00e8 laureata in Medicina e Chirurgia nel 1998 presso l\u2019Universit\u00e0 degli Studi \u201cLa Sapienza\u201d di Roma e ha conseguito la Specializzazione in Endocrinologia e Malattie del Ricambio presso lo stesso Ateneo. Ha effettuato formazione ultra-specialistica presso l\u2019Universit\u00e0 di Oxford (\u201cThe Oxford Centre [&hellip;]\" \/>\n<meta property=\"og:url\" content=\"https:\/\/www.medisocial.it\/endocrinologiaediabete\/\" \/>\n<meta property=\"og:site_name\" content=\"Dott.ssa Claudia Brufani\" \/>\n<meta property=\"article:modified_time\" content=\"2024-06-11T13:50:28+00:00\" \/>\n<meta property=\"og:image\" content=\"https:\/\/www.medisocial.it\/endocrinologiaediabete\/wp-content\/uploads\/2024\/06\/tiroide-home.jpeg\" \/>\n<meta name=\"twitter:card\" content=\"summary_large_image\" \/>\n<meta name=\"twitter:label1\" content=\"Tempo di lettura stimato\" \/>\n\t<meta name=\"twitter:data1\" content=\"2 minuti\" \/>\n<script type=\"application\/ld+json\" class=\"yoast-schema-graph\">{\"@context\":\"https:\/\/schema.org\",\"@graph\":[{\"@type\":\"WebPage\",\"@id\":\"https:\/\/www.medisocial.it\/endocrinologiaediabete\/\",\"url\":\"https:\/\/www.medisocial.it\/endocrinologiaediabete\/\",\"name\":\"Home - Dott.ssa Claudia Brufani\",\"isPartOf\":{\"@id\":\"https:\/\/www.medisocial.it\/endocrinologiaediabete\/#website\"},\"primaryImageOfPage\":{\"@id\":\"https:\/\/www.medisocial.it\/endocrinologiaediabete\/#primaryimage\"},\"image\":{\"@id\":\"https:\/\/www.medisocial.it\/endocrinologiaediabete\/#primaryimage\"},\"thumbnailUrl\":\"https:\/\/www.medisocial.it\/endocrinologiaediabete\/wp-content\/uploads\/2024\/06\/tiroide-home.jpeg\",\"datePublished\":\"2019-09-04T11:32:01+00:00\",\"dateModified\":\"2024-06-11T13:50:28+00:00\",\"breadcrumb\":{\"@id\":\"https:\/\/www.medisocial.it\/endocrinologiaediabete\/#breadcrumb\"},\"inLanguage\":\"it-IT\",\"potentialAction\":[{\"@type\":\"ReadAction\",\"target\":[\"https:\/\/www.medisocial.it\/endocrinologiaediabete\/\"]}]},{\"@type\":\"ImageObject\",\"inLanguage\":\"it-IT\",\"@id\":\"https:\/\/www.medisocial.it\/endocrinologiaediabete\/#primaryimage\",\"url\":\"https:\/\/www.medisocial.it\/endocrinologiaediabete\/wp-content\/uploads\/2024\/06\/tiroide-home.jpeg\",\"contentUrl\":\"https:\/\/www.medisocial.it\/endocrinologiaediabete\/wp-content\/uploads\/2024\/06\/tiroide-home.jpeg\",\"width\":1024,\"height\":768},{\"@type\":\"BreadcrumbList\",\"@id\":\"https:\/\/www.medisocial.it\/endocrinologiaediabete\/#breadcrumb\",\"itemListElement\":[{\"@type\":\"ListItem\",\"position\":1,\"name\":\"Home\",\"item\":\"https:\/\/www.medisocial.it\/endocrinologiaediabete\/\"},{\"@type\":\"ListItem\",\"position\":2,\"name\":\"Home\"}]},{\"@type\":\"WebSite\",\"@id\":\"https:\/\/www.medisocial.it\/endocrinologiaediabete\/#website\",\"url\":\"https:\/\/www.medisocial.it\/endocrinologiaediabete\/\",\"name\":\"Dott.ssa Claudia Brufani\",\"description\":\"Specialista in Endocrinologia e Diabetologia\",\"publisher\":{\"@id\":\"https:\/\/www.medisocial.it\/endocrinologiaediabete\/#\/schema\/person\/4e70e0b15617eebf2b5240c1f84e1138\"},\"potentialAction\":[{\"@type\":\"SearchAction\",\"target\":{\"@type\":\"EntryPoint\",\"urlTemplate\":\"https:\/\/www.medisocial.it\/endocrinologiaediabete\/?s={search_term_string}\"},\"query-input\":\"required name=search_term_string\"}],\"inLanguage\":\"it-IT\"},{\"@type\":[\"Person\",\"Organization\"],\"@id\":\"https:\/\/www.medisocial.it\/endocrinologiaediabete\/#\/schema\/person\/4e70e0b15617eebf2b5240c1f84e1138\",\"name\":\"Claudia Brufani\",\"image\":{\"@type\":\"ImageObject\",\"inLanguage\":\"it-IT\",\"@id\":\"https:\/\/www.medisocial.it\/endocrinologiaediabete\/#\/schema\/person\/image\/\",\"url\":\"https:\/\/secure.gravatar.com\/avatar\/efa9393110d3610a15f45429c6613084?s=96&d=mm&r=g\",\"contentUrl\":\"https:\/\/secure.gravatar.com\/avatar\/efa9393110d3610a15f45429c6613084?s=96&d=mm&r=g\",\"caption\":\"Claudia Brufani\"},\"logo\":{\"@id\":\"https:\/\/www.medisocial.it\/endocrinologiaediabete\/#\/schema\/person\/image\/\"}}]}<\/script>\n<!-- \/ Yoast SEO plugin. -->","yoast_head_json":{"title":"Home - Dott.ssa Claudia Brufani","robots":{"index":"index","follow":"follow","max-snippet":"max-snippet:-1","max-image-preview":"max-image-preview:large","max-video-preview":"max-video-preview:-1"},"canonical":"https:\/\/www.medisocial.it\/endocrinologiaediabete\/","og_locale":"it_IT","og_type":"article","og_title":"Home - Dott.ssa Claudia Brufani","og_description":"Dott.ssa Claudia Brufani Specialista in Endocrinologia e Diabetologia La Dott.ssa Claudia Brufani si \u00e8 laureata in Medicina e Chirurgia nel 1998 presso l\u2019Universit\u00e0 degli Studi \u201cLa Sapienza\u201d di Roma e ha conseguito la Specializzazione in Endocrinologia e Malattie del Ricambio presso lo stesso Ateneo. Ha effettuato formazione ultra-specialistica presso l\u2019Universit\u00e0 di Oxford (\u201cThe Oxford Centre [&hellip;]","og_url":"https:\/\/www.medisocial.it\/endocrinologiaediabete\/","og_site_name":"Dott.ssa Claudia Brufani","article_modified_time":"2024-06-11T13:50:28+00:00","og_image":[{"url":"https:\/\/www.medisocial.it\/endocrinologiaediabete\/wp-content\/uploads\/2024\/06\/tiroide-home.jpeg"}],"twitter_card":"summary_large_image","twitter_misc":{"Tempo di lettura stimato":"2 minuti"},"schema":{"@context":"https:\/\/schema.org","@graph":[{"@type":"WebPage","@id":"https:\/\/www.medisocial.it\/endocrinologiaediabete\/","url":"https:\/\/www.medisocial.it\/endocrinologiaediabete\/","name":"Home - Dott.ssa Claudia Brufani","isPartOf":{"@id":"https:\/\/www.medisocial.it\/endocrinologiaediabete\/#website"},"primaryImageOfPage":{"@id":"https:\/\/www.medisocial.it\/endocrinologiaediabete\/#primaryimage"},"image":{"@id":"https:\/\/www.medisocial.it\/endocrinologiaediabete\/#primaryimage"},"thumbnailUrl":"https:\/\/www.medisocial.it\/endocrinologiaediabete\/wp-content\/uploads\/2024\/06\/tiroide-home.jpeg","datePublished":"2019-09-04T11:32:01+00:00","dateModified":"2024-06-11T13:50:28+00:00","breadcrumb":{"@id":"https:\/\/www.medisocial.it\/endocrinologiaediabete\/#breadcrumb"},"inLanguage":"it-IT","potentialAction":[{"@type":"ReadAction","target":["https:\/\/www.medisocial.it\/endocrinologiaediabete\/"]}]},{"@type":"ImageObject","inLanguage":"it-IT","@id":"https:\/\/www.medisocial.it\/endocrinologiaediabete\/#primaryimage","url":"https:\/\/www.medisocial.it\/endocrinologiaediabete\/wp-content\/uploads\/2024\/06\/tiroide-home.jpeg","contentUrl":"https:\/\/www.medisocial.it\/endocrinologiaediabete\/wp-content\/uploads\/2024\/06\/tiroide-home.jpeg","width":1024,"height":768},{"@type":"BreadcrumbList","@id":"https:\/\/www.medisocial.it\/endocrinologiaediabete\/#breadcrumb","itemListElement":[{"@type":"ListItem","position":1,"name":"Home","item":"https:\/\/www.medisocial.it\/endocrinologiaediabete\/"},{"@type":"ListItem","position":2,"name":"Home"}]},{"@type":"WebSite","@id":"https:\/\/www.medisocial.it\/endocrinologiaediabete\/#website","url":"https:\/\/www.medisocial.it\/endocrinologiaediabete\/","name":"Dott.ssa Claudia Brufani","description":"Specialista in Endocrinologia e Diabetologia","publisher":{"@id":"https:\/\/www.medisocial.it\/endocrinologiaediabete\/#\/schema\/person\/4e70e0b15617eebf2b5240c1f84e1138"},"potentialAction":[{"@type":"SearchAction","target":{"@type":"EntryPoint","urlTemplate":"https:\/\/www.medisocial.it\/endocrinologiaediabete\/?s={search_term_string}"},"query-input":"required name=search_term_string"}],"inLanguage":"it-IT"},{"@type":["Person","Organization"],"@id":"https:\/\/www.medisocial.it\/endocrinologiaediabete\/#\/schema\/person\/4e70e0b15617eebf2b5240c1f84e1138","name":"Claudia Brufani","image":{"@type":"ImageObject","inLanguage":"it-IT","@id":"https:\/\/www.medisocial.it\/endocrinologiaediabete\/#\/schema\/person\/image\/","url":"https:\/\/secure.gravatar.com\/avatar\/efa9393110d3610a15f45429c6613084?s=96&d=mm&r=g","contentUrl":"https:\/\/secure.gravatar.com\/avatar\/efa9393110d3610a15f45429c6613084?s=96&d=mm&r=g","caption":"Claudia Brufani"},"logo":{"@id":"https:\/\/www.medisocial.it\/endocrinologiaediabete\/#\/schema\/person\/image\/"}}]}},"_links":{"self":[{"href":"https:\/\/www.medisocial.it\/endocrinologiaediabete\/wp-json\/wp\/v2\/pages\/11"}],"collection":[{"href":"https:\/\/www.medisocial.it\/endocrinologiaediabete\/wp-json\/wp\/v2\/pages"}],"about":[{"href":"https:\/\/www.medisocial.it\/endocrinologiaediabete\/wp-json\/wp\/v2\/types\/page"}],"author":[{"embeddable":true,"href":"https:\/\/www.medisocial.it\/endocrinologiaediabete\/wp-json\/wp\/v2\/users\/1"}],"replies":[{"embeddable":true,"href":"https:\/\/www.medisocial.it\/endocrinologiaediabete\/wp-json\/wp\/v2\/comments?post=11"}],"version-history":[{"count":16,"href":"https:\/\/www.medisocial.it\/endocrinologiaediabete\/wp-json\/wp\/v2\/pages\/11\/revisions"}],"predecessor-version":[{"id":1116,"href":"https:\/\/www.medisocial.it\/endocrinologiaediabete\/wp-json\/wp\/v2\/pages\/11\/revisions\/1116"}],"wp:attachment":[{"href":"https:\/\/www.medisocial.it\/endocrinologiaediabete\/wp-json\/wp\/v2\/media?parent=11"}],"curies":[{"name":"wp","href":"https:\/\/api.w.org\/{rel}","templated":true}]}}